{"id":997,"date":"2021-09-28T11:51:00","date_gmt":"2021-09-28T09:51:00","guid":{"rendered":"http:\/\/agfluechtlingshilfe.org\/?page_id=997"},"modified":"2021-09-28T11:54:02","modified_gmt":"2021-09-28T09:54:02","slug":"muckalica-sa-pirincem-bosnischer-eintopf-mit-reis","status":"publish","type":"page","link":"https:\/\/agfluechtlingshilfe.org\/?page_id=997","title":{"rendered":"Muckalica sa pirincem       &#8212;-    Bosnischer Eintopf mit Reis"},"content":{"rendered":"\n<div class=\"wp-block-group\"><div class=\"wp-block-group__inner-container is-layout-flow wp-block-group-is-layout-flow\">\n<div class=\"wp-block-image\"><figure class=\"alignright size-large is-resized\"><img loading=\"lazy\" decoding=\"async\" data-attachment-id=\"951\" data-permalink=\"https:\/\/agfluechtlingshilfe.org\/?attachment_id=951\" data-orig-file=\"https:\/\/i0.wp.com\/agfluechtlingshilfe.org\/wp-content\/uploads\/2021\/09\/LogoIKW.png?fit=273%2C185&amp;ssl=1\" data-orig-size=\"273,185\" data-comments-opened=\"1\" data-image-meta=\"{&quot;aperture&quot;:&quot;0&quot;,&quot;credit&quot;:&quot;&quot;,&quot;camera&quot;:&quot;&quot;,&quot;caption&quot;:&quot;&quot;,&quot;created_timestamp&quot;:&quot;0&quot;,&quot;copyright&quot;:&quot;&quot;,&quot;focal_length&quot;:&quot;0&quot;,&quot;iso&quot;:&quot;0&quot;,&quot;shutter_speed&quot;:&quot;0&quot;,&quot;title&quot;:&quot;&quot;,&quot;orientation&quot;:&quot;0&quot;}\" data-image-title=\"LogoIKW\" data-image-description=\"\" data-image-caption=\"\" data-medium-file=\"https:\/\/i0.wp.com\/agfluechtlingshilfe.org\/wp-content\/uploads\/2021\/09\/LogoIKW.png?fit=273%2C185&amp;ssl=1\" data-large-file=\"https:\/\/i0.wp.com\/agfluechtlingshilfe.org\/wp-content\/uploads\/2021\/09\/LogoIKW.png?fit=273%2C185&amp;ssl=1\" src=\"https:\/\/i0.wp.com\/agfluechtlingshilfe.org\/wp-content\/uploads\/2021\/09\/LogoIKW.png?resize=196%2C132\" alt=\"\" class=\"wp-image-951\" width=\"196\" height=\"132\" data-recalc-dims=\"1\" \/><\/figure><\/div>\n\n\n\n<p><\/p>\n\n\n\n<p><strong>Zutaten:<\/strong><br>700g       Lammlachse oder<br>Rindergulasch<br>400g       Langkorn- oder Wildreis<br>800g       gehackte Tomaten<br>4 TL       Speisest\u00e4rke<br>1 EL       gemahlener Knoblauch<br>1 Prise    Salz<br>1 Prise    Pfeffer<\/p>\n\n\n\n<div class=\"wp-block-image is-style-circle-mask\"><figure class=\"alignleft size-large is-resized\"><img loading=\"lazy\" decoding=\"async\" data-attachment-id=\"999\" data-permalink=\"https:\/\/agfluechtlingshilfe.org\/?attachment_id=999\" data-orig-file=\"https:\/\/i0.wp.com\/agfluechtlingshilfe.org\/wp-content\/uploads\/2021\/09\/IMG_5626-scaled.jpg?fit=1707%2C2560&amp;ssl=1\" data-orig-size=\"1707,2560\" data-comments-opened=\"1\" data-image-meta=\"{&quot;aperture&quot;:&quot;4&quot;,&quot;credit&quot;:&quot;&quot;,&quot;camera&quot;:&quot;Canon EOS 700D&quot;,&quot;caption&quot;:&quot;&quot;,&quot;created_timestamp&quot;:&quot;1630244362&quot;,&quot;copyright&quot;:&quot;&quot;,&quot;focal_length&quot;:&quot;18&quot;,&quot;iso&quot;:&quot;400&quot;,&quot;shutter_speed&quot;:&quot;0.033333333333333&quot;,&quot;title&quot;:&quot;&quot;,&quot;orientation&quot;:&quot;1&quot;}\" data-image-title=\"IMG_5626\" data-image-description=\"\" data-image-caption=\"\" data-medium-file=\"https:\/\/i0.wp.com\/agfluechtlingshilfe.org\/wp-content\/uploads\/2021\/09\/IMG_5626-scaled.jpg?fit=200%2C300&amp;ssl=1\" data-large-file=\"https:\/\/i0.wp.com\/agfluechtlingshilfe.org\/wp-content\/uploads\/2021\/09\/IMG_5626-scaled.jpg?fit=660%2C990&amp;ssl=1\" src=\"https:\/\/i1.wp.com\/agfluechtlingshilfe.org\/wp-content\/uploads\/2021\/09\/IMG_5626-scaled.jpg?fit=660%2C990&amp;ssl=1\" alt=\"\" class=\"wp-image-999\" width=\"244\" height=\"366\" srcset=\"https:\/\/i0.wp.com\/agfluechtlingshilfe.org\/wp-content\/uploads\/2021\/09\/IMG_5626-scaled.jpg?w=1707&amp;ssl=1 1707w, https:\/\/i0.wp.com\/agfluechtlingshilfe.org\/wp-content\/uploads\/2021\/09\/IMG_5626-scaled.jpg?resize=200%2C300&amp;ssl=1 200w, https:\/\/i0.wp.com\/agfluechtlingshilfe.org\/wp-content\/uploads\/2021\/09\/IMG_5626-scaled.jpg?resize=683%2C1024&amp;ssl=1 683w, https:\/\/i0.wp.com\/agfluechtlingshilfe.org\/wp-content\/uploads\/2021\/09\/IMG_5626-scaled.jpg?resize=768%2C1152&amp;ssl=1 768w, https:\/\/i0.wp.com\/agfluechtlingshilfe.org\/wp-content\/uploads\/2021\/09\/IMG_5626-scaled.jpg?resize=1024%2C1536&amp;ssl=1 1024w, https:\/\/i0.wp.com\/agfluechtlingshilfe.org\/wp-content\/uploads\/2021\/09\/IMG_5626-scaled.jpg?resize=1365%2C2048&amp;ssl=1 1365w\" sizes=\"auto, (max-width: 244px) 100vw, 244px\" \/><\/figure><\/div>\n\n\n\n<p><br>2             Zwiebeln, in Streifen<br>2             Paprika, in Streifen<br>1             Lorbeerblatt<br>1 TL       Paprikapulver<br>1 TL       Cayennepfeffer<br>1 Prise    Zucker<br>2 Tassen Erbsen(TK)  <br>3 EL       Ajvar<br>1 TL       Worcestersauce<br>Oliven\u00f6l zum Anbraten<\/p>\n<\/div><\/div>\n\n\n\n<p class=\"has-text-align-left\"><strong>Zubereitung<\/strong><br>Das in St\u00fccke geschnittene Fleisch etwas abtrocknen, mit Knoblauch w\u00fcrzen und mit St\u00e4rke panieren. Oliven\u00f6l in einer hohen Pfanne erhitzen und das Fleisch kurz kr\u00e4ftig anbraten, pfeffern, salzen und wieder aus der Pfanne nehmen. <\/p>\n\n\n\n<p>Den Reis nach\nPackungsanleitung zubereiten.<\/p>\n\n\n\n<div class=\"wp-block-image\"><figure class=\"alignleft size-large is-resized\"><img loading=\"lazy\" decoding=\"async\" data-attachment-id=\"1007\" data-permalink=\"https:\/\/agfluechtlingshilfe.org\/?attachment_id=1007\" data-orig-file=\"https:\/\/i0.wp.com\/agfluechtlingshilfe.org\/wp-content\/uploads\/2021\/09\/IMG_5630-scaled.jpg?fit=2560%2C1707&amp;ssl=1\" data-orig-size=\"2560,1707\" data-comments-opened=\"1\" data-image-meta=\"{&quot;aperture&quot;:&quot;5&quot;,&quot;credit&quot;:&quot;&quot;,&quot;camera&quot;:&quot;Canon EOS 700D&quot;,&quot;caption&quot;:&quot;&quot;,&quot;created_timestamp&quot;:&quot;1630246718&quot;,&quot;copyright&quot;:&quot;&quot;,&quot;focal_length&quot;:&quot;35&quot;,&quot;iso&quot;:&quot;3200&quot;,&quot;shutter_speed&quot;:&quot;0.02&quot;,&quot;title&quot;:&quot;&quot;,&quot;orientation&quot;:&quot;1&quot;}\" data-image-title=\"IMG_5630\" data-image-description=\"\" data-image-caption=\"\" data-medium-file=\"https:\/\/i0.wp.com\/agfluechtlingshilfe.org\/wp-content\/uploads\/2021\/09\/IMG_5630-scaled.jpg?fit=300%2C200&amp;ssl=1\" data-large-file=\"https:\/\/i0.wp.com\/agfluechtlingshilfe.org\/wp-content\/uploads\/2021\/09\/IMG_5630-scaled.jpg?fit=660%2C440&amp;ssl=1\" src=\"https:\/\/i0.wp.com\/agfluechtlingshilfe.org\/wp-content\/uploads\/2021\/09\/IMG_5630-scaled.jpg?fit=660%2C440&amp;ssl=1\" alt=\"\" class=\"wp-image-1007\" width=\"294\" height=\"195\" srcset=\"https:\/\/i0.wp.com\/agfluechtlingshilfe.org\/wp-content\/uploads\/2021\/09\/IMG_5630-scaled.jpg?w=2560&amp;ssl=1 2560w, https:\/\/i0.wp.com\/agfluechtlingshilfe.org\/wp-content\/uploads\/2021\/09\/IMG_5630-scaled.jpg?resize=300%2C200&amp;ssl=1 300w, https:\/\/i0.wp.com\/agfluechtlingshilfe.org\/wp-content\/uploads\/2021\/09\/IMG_5630-scaled.jpg?resize=1024%2C683&amp;ssl=1 1024w, https:\/\/i0.wp.com\/agfluechtlingshilfe.org\/wp-content\/uploads\/2021\/09\/IMG_5630-scaled.jpg?resize=768%2C512&amp;ssl=1 768w, https:\/\/i0.wp.com\/agfluechtlingshilfe.org\/wp-content\/uploads\/2021\/09\/IMG_5630-scaled.jpg?resize=1536%2C1024&amp;ssl=1 1536w, https:\/\/i0.wp.com\/agfluechtlingshilfe.org\/wp-content\/uploads\/2021\/09\/IMG_5630-scaled.jpg?resize=2048%2C1365&amp;ssl=1 2048w, https:\/\/i0.wp.com\/agfluechtlingshilfe.org\/wp-content\/uploads\/2021\/09\/IMG_5630-scaled.jpg?w=1320 1320w, https:\/\/i0.wp.com\/agfluechtlingshilfe.org\/wp-content\/uploads\/2021\/09\/IMG_5630-scaled.jpg?w=1980 1980w\" sizes=\"auto, (max-width: 294px) 100vw, 294px\" \/><\/figure><\/div>\n\n\n\n<p>Die Zwiebeln- und Paprikastreifen im verbliebenden Bratfett and\u00fcnsten, bis die Zwiebeln glasig sind und die Paprikastreifen leicht ihre Farbe ver\u00e4ndern. Anschlie\u00dfend die restlichen Gew\u00fcrze hinzuf\u00fcgen und unterr\u00fchren. Tomaten, Erbsen und Ajvar zugeben und ca. 5 Minuten k\u00f6cheln lassen.<\/p>\n\n\n\n<div class=\"wp-block-image\"><figure class=\"alignright size-large is-resized\"><img loading=\"lazy\" decoding=\"async\" data-attachment-id=\"1008\" data-permalink=\"https:\/\/agfluechtlingshilfe.org\/?attachment_id=1008\" data-orig-file=\"https:\/\/i0.wp.com\/agfluechtlingshilfe.org\/wp-content\/uploads\/2021\/09\/IMG_5634-scaled.jpg?fit=2560%2C1707&amp;ssl=1\" data-orig-size=\"2560,1707\" data-comments-opened=\"1\" data-image-meta=\"{&quot;aperture&quot;:&quot;5&quot;,&quot;credit&quot;:&quot;&quot;,&quot;camera&quot;:&quot;Canon EOS 700D&quot;,&quot;caption&quot;:&quot;&quot;,&quot;created_timestamp&quot;:&quot;1630247168&quot;,&quot;copyright&quot;:&quot;&quot;,&quot;focal_length&quot;:&quot;37&quot;,&quot;iso&quot;:&quot;2500&quot;,&quot;shutter_speed&quot;:&quot;0.02&quot;,&quot;title&quot;:&quot;&quot;,&quot;orientation&quot;:&quot;1&quot;}\" data-image-title=\"IMG_5634\" data-image-description=\"\" data-image-caption=\"\" data-medium-file=\"https:\/\/i0.wp.com\/agfluechtlingshilfe.org\/wp-content\/uploads\/2021\/09\/IMG_5634-scaled.jpg?fit=300%2C200&amp;ssl=1\" data-large-file=\"https:\/\/i0.wp.com\/agfluechtlingshilfe.org\/wp-content\/uploads\/2021\/09\/IMG_5634-scaled.jpg?fit=660%2C440&amp;ssl=1\" src=\"https:\/\/i0.wp.com\/agfluechtlingshilfe.org\/wp-content\/uploads\/2021\/09\/IMG_5634-scaled.jpg?fit=660%2C440&amp;ssl=1\" alt=\"\" class=\"wp-image-1008\" width=\"309\" height=\"205\" srcset=\"https:\/\/i0.wp.com\/agfluechtlingshilfe.org\/wp-content\/uploads\/2021\/09\/IMG_5634-scaled.jpg?w=2560&amp;ssl=1 2560w, https:\/\/i0.wp.com\/agfluechtlingshilfe.org\/wp-content\/uploads\/2021\/09\/IMG_5634-scaled.jpg?resize=300%2C200&amp;ssl=1 300w, https:\/\/i0.wp.com\/agfluechtlingshilfe.org\/wp-content\/uploads\/2021\/09\/IMG_5634-scaled.jpg?resize=1024%2C683&amp;ssl=1 1024w, https:\/\/i0.wp.com\/agfluechtlingshilfe.org\/wp-content\/uploads\/2021\/09\/IMG_5634-scaled.jpg?resize=768%2C512&amp;ssl=1 768w, https:\/\/i0.wp.com\/agfluechtlingshilfe.org\/wp-content\/uploads\/2021\/09\/IMG_5634-scaled.jpg?resize=1536%2C1024&amp;ssl=1 1536w, https:\/\/i0.wp.com\/agfluechtlingshilfe.org\/wp-content\/uploads\/2021\/09\/IMG_5634-scaled.jpg?resize=2048%2C1365&amp;ssl=1 2048w, https:\/\/i0.wp.com\/agfluechtlingshilfe.org\/wp-content\/uploads\/2021\/09\/IMG_5634-scaled.jpg?w=1320 1320w, https:\/\/i0.wp.com\/agfluechtlingshilfe.org\/wp-content\/uploads\/2021\/09\/IMG_5634-scaled.jpg?w=1980 1980w\" sizes=\"auto, (max-width: 309px) 100vw, 309px\" \/><\/figure><\/div>\n\n\n\n<p>Das Fleisch wieder dazu geben und im Gem\u00fcse erhitzen. Nach Bedarf und Geschmack nachw\u00fcrzen und mit der Worcestersauce abschmecken. Auf einem Teller mit Reis servieren.<\/p>\n\n\n\n<figure class=\"wp-block-image size-large\"><img loading=\"lazy\" decoding=\"async\" width=\"2560\" height=\"1707\" data-attachment-id=\"1009\" data-permalink=\"https:\/\/agfluechtlingshilfe.org\/?attachment_id=1009\" data-orig-file=\"https:\/\/i0.wp.com\/agfluechtlingshilfe.org\/wp-content\/uploads\/2021\/09\/IMG_5640-1-scaled.jpg?fit=2560%2C1707&amp;ssl=1\" data-orig-size=\"2560,1707\" data-comments-opened=\"1\" data-image-meta=\"{&quot;aperture&quot;:&quot;4.5&quot;,&quot;credit&quot;:&quot;&quot;,&quot;camera&quot;:&quot;Canon EOS 700D&quot;,&quot;caption&quot;:&quot;&quot;,&quot;created_timestamp&quot;:&quot;1630250193&quot;,&quot;copyright&quot;:&quot;&quot;,&quot;focal_length&quot;:&quot;33&quot;,&quot;iso&quot;:&quot;1600&quot;,&quot;shutter_speed&quot;:&quot;0.02&quot;,&quot;title&quot;:&quot;&quot;,&quot;orientation&quot;:&quot;1&quot;}\" data-image-title=\"IMG_5640-1\" data-image-description=\"\" data-image-caption=\"\" data-medium-file=\"https:\/\/i0.wp.com\/agfluechtlingshilfe.org\/wp-content\/uploads\/2021\/09\/IMG_5640-1-scaled.jpg?fit=300%2C200&amp;ssl=1\" data-large-file=\"https:\/\/i0.wp.com\/agfluechtlingshilfe.org\/wp-content\/uploads\/2021\/09\/IMG_5640-1-scaled.jpg?fit=660%2C440&amp;ssl=1\" src=\"https:\/\/i2.wp.com\/agfluechtlingshilfe.org\/wp-content\/uploads\/2021\/09\/IMG_5640-1-scaled.jpg?fit=660%2C440&amp;ssl=1\" alt=\"\" class=\"wp-image-1009\" srcset=\"https:\/\/i0.wp.com\/agfluechtlingshilfe.org\/wp-content\/uploads\/2021\/09\/IMG_5640-1-scaled.jpg?w=2560&amp;ssl=1 2560w, https:\/\/i0.wp.com\/agfluechtlingshilfe.org\/wp-content\/uploads\/2021\/09\/IMG_5640-1-scaled.jpg?resize=300%2C200&amp;ssl=1 300w, https:\/\/i0.wp.com\/agfluechtlingshilfe.org\/wp-content\/uploads\/2021\/09\/IMG_5640-1-scaled.jpg?resize=1024%2C683&amp;ssl=1 1024w, https:\/\/i0.wp.com\/agfluechtlingshilfe.org\/wp-content\/uploads\/2021\/09\/IMG_5640-1-scaled.jpg?resize=768%2C512&amp;ssl=1 768w, https:\/\/i0.wp.com\/agfluechtlingshilfe.org\/wp-content\/uploads\/2021\/09\/IMG_5640-1-scaled.jpg?resize=1536%2C1024&amp;ssl=1 1536w, https:\/\/i0.wp.com\/agfluechtlingshilfe.org\/wp-content\/uploads\/2021\/09\/IMG_5640-1-scaled.jpg?resize=2048%2C1365&amp;ssl=1 2048w, https:\/\/i0.wp.com\/agfluechtlingshilfe.org\/wp-content\/uploads\/2021\/09\/IMG_5640-1-scaled.jpg?w=1320 1320w, https:\/\/i0.wp.com\/agfluechtlingshilfe.org\/wp-content\/uploads\/2021\/09\/IMG_5640-1-scaled.jpg?w=1980 1980w\" sizes=\"auto, (max-width: 660px) 100vw, 660px\" \/><\/figure>\n","protected":false},"excerpt":{"rendered":"<p>Zutaten:700g Lammlachse oderRindergulasch400g Langkorn- oder Wildreis800g gehackte Tomaten4 TL Speisest\u00e4rke1 EL gemahlener Knoblauch1 Prise Salz1 Prise Pfeffer 2 Zwiebeln, in Streifen2 Paprika, in Streifen1 Lorbeerblatt1 TL Paprikapulver1 TL Cayennepfeffer1 Prise Zucker2 Tassen Erbsen(TK) 3 EL Ajvar1 TL WorcestersauceOliven\u00f6l zum Anbraten ZubereitungDas in St\u00fccke geschnittene Fleisch etwas abtrocknen, mit Knoblauch w\u00fcrzen und mit St\u00e4rke panieren. Oliven\u00f6l &hellip; <a href=\"https:\/\/agfluechtlingshilfe.org\/?page_id=997\" class=\"more-link\"><span class=\"screen-reader-text\">Muckalica sa pirincem       &#8212;-    Bosnischer Eintopf mit Reis<\/span> weiterlesen<\/a><\/p>\n","protected":false},"author":1,"featured_media":0,"parent":880,"menu_order":3,"comment_status":"closed","ping_status":"closed","template":"","meta":{"footnotes":""},"class_list":["post-997","page","type-page","status-publish","hentry"],"jetpack_sharing_enabled":true,"jetpack_shortlink":"https:\/\/wp.me\/P8ejgX-g5","jetpack-related-posts":[],"jetpack_likes_enabled":true,"_links":{"self":[{"href":"https:\/\/agfluechtlingshilfe.org\/index.php?rest_route=\/wp\/v2\/pages\/997","targetHints":{"allow":["GET"]}}],"collection":[{"href":"https:\/\/agfluechtlingshilfe.org\/index.php?rest_route=\/wp\/v2\/pages"}],"about":[{"href":"https:\/\/agfluechtlingshilfe.org\/index.php?rest_route=\/wp\/v2\/types\/page"}],"author":[{"embeddable":true,"href":"https:\/\/agfluechtlingshilfe.org\/index.php?rest_route=\/wp\/v2\/users\/1"}],"replies":[{"embeddable":true,"href":"https:\/\/agfluechtlingshilfe.org\/index.php?rest_route=%2Fwp%2Fv2%2Fcomments&post=997"}],"version-history":[{"count":12,"href":"https:\/\/agfluechtlingshilfe.org\/index.php?rest_route=\/wp\/v2\/pages\/997\/revisions"}],"predecessor-version":[{"id":1018,"href":"https:\/\/agfluechtlingshilfe.org\/index.php?rest_route=\/wp\/v2\/pages\/997\/revisions\/1018"}],"up":[{"embeddable":true,"href":"https:\/\/agfluechtlingshilfe.org\/index.php?rest_route=\/wp\/v2\/pages\/880"}],"wp:attachment":[{"href":"https:\/\/agfluechtlingshilfe.org\/index.php?rest_route=%2Fwp%2Fv2%2Fmedia&parent=997"}],"curies":[{"name":"wp","href":"https:\/\/api.w.org\/{rel}","templated":true}]}}